{"id":18813,"date":"2023-11-06T11:02:24","date_gmt":"2023-11-06T11:02:24","guid":{"rendered":"https:\/\/pihapperhof.at\/apartements-ferienwohnungen\/"},"modified":"2024-10-17T13:33:25","modified_gmt":"2024-10-17T13:33:25","slug":"apartements-ferienwohnungen","status":"publish","type":"page","link":"https:\/\/pihapperhof.at\/de\/apartements-ferienwohnungen\/","title":{"rendered":"Apartements \/ Ferienwohnungen"},"content":{"rendered":"<p>[et_pb_section fb_built=&#8220;1&#8243; _builder_version=&#8220;4.27.2&#8243; _module_preset=&#8220;default&#8220; use_background_color_gradient=&#8220;on&#8220; background_color_gradient_stops=&#8220;rgba(0,0,0,0.47) 0%|rgba(0,0,0,0.45) 100%&#8220; background_color_gradient_overlays_image=&#8220;on&#8220; background_image=&#8220;https:\/\/pihapperhof.at\/wp-content\/uploads\/2024\/07\/slaapkamer-scaled.jpg&#8220; custom_padding=&#8220;95px||95px||true|&#8220; global_colors_info=&#8220;{}&#8220;][et_pb_row _builder_version=&#8220;4.20.0&#8243; _module_preset=&#8220;default&#8220; global_colors_info=&#8220;{}&#8220;][et_pb_column type=&#8220;4_4&#8243; _builder_version=&#8220;4.20.0&#8243; _module_preset=&#8220;default&#8220; global_colors_info=&#8220;{}&#8220;][et_pb_text _builder_version=&#8220;4.20.2&#8243; _module_preset=&#8220;default&#8220; header_font=&#8220;|600|||||||&#8220; header_text_color=&#8220;#FFFFFF&#8220; header_font_size=&#8220;50px&#8220; global_colors_info=&#8220;{}&#8220;]<\/p>\n<h1>Apartements \/ Ferienwohnungen<\/h1>\n<p>[\/et_pb_text][\/et_pb_column][\/et_pb_row][\/et_pb_section][et_pb_section fb_built=&#8220;1&#8243; _builder_version=&#8220;4.21.0&#8243; _module_preset=&#8220;default&#8220; custom_padding=&#8220;|0px||||&#8220; global_colors_info=&#8220;{}&#8220;][et_pb_row column_structure=&#8220;1_2,1_2&#8243; _builder_version=&#8220;4.21.0&#8243; _module_preset=&#8220;default&#8220; custom_padding=&#8220;||10px|||&#8220; global_colors_info=&#8220;{}&#8220;][et_pb_column type=&#8220;1_2&#8243; _builder_version=&#8220;4.21.0&#8243; _module_preset=&#8220;default&#8220; global_colors_info=&#8220;{}&#8220;][et_pb_text _builder_version=&#8220;4.24.3&#8243; _module_preset=&#8220;default&#8220; text_text_color=&#8220;#000000&#8243; link_font=&#8220;||||on||||&#8220; header_2_font=&#8220;|600|||||||&#8220; header_2_font_size=&#8220;29px&#8220; header_3_font_size=&#8220;30px&#8220; text_orientation=&#8220;center&#8220; custom_padding=&#8220;|20px|13px|20px|false|true&#8220; locked=&#8220;off&#8220; global_colors_info=&#8220;{}&#8220;]<\/p>\n<h3 style=\"text-align: left;\"><strong><span style=\"color: #ff9900;\">Apartment Felbertauern<\/span><\/strong><\/h3>\n<p style=\"text-align: left;\">Gem\u00fctliche 4-Zimmer-Ferienwohnung im 1. OG f\u00fcr max. 6 Personen mit Aussicht auf Schlo\u00df Mittersill.<\/p>\n<p>[\/et_pb_text][\/et_pb_column][et_pb_column type=&#8220;1_2&#8243; _builder_version=&#8220;4.21.0&#8243; _module_preset=&#8220;default&#8220; global_colors_info=&#8220;{}&#8220;][\/et_pb_column][\/et_pb_row][et_pb_row column_structure=&#8220;1_2,1_2&#8243; _builder_version=&#8220;4.21.0&#8243; _module_preset=&#8220;default&#8220; custom_margin=&#8220;||0px||false|false&#8220; global_colors_info=&#8220;{}&#8220;][et_pb_column type=&#8220;1_2&#8243; _builder_version=&#8220;4.21.0&#8243; _module_preset=&#8220;default&#8220; global_colors_info=&#8220;{}&#8220;][et_pb_gallery gallery_ids=&#8220;19291,19297,19301,19295,19293,19289&#8243; fullwidth=&#8220;on&#8220; module_id=&#8220;foto&#8220; _builder_version=&#8220;4.27.2&#8243; _module_preset=&#8220;default&#8220; locked=&#8220;off&#8220; global_colors_info=&#8220;{}&#8220;][\/et_pb_gallery][et_pb_button button_url=&#8220;https:\/\/pihapperhof.at\/de\/verfuegbarkeit\/&#8220; button_text=&#8220;Siehe Verf\u00fcgbarkeit&#8220; button_alignment=&#8220;center&#8220; _builder_version=&#8220;4.21.0&#8243; _module_preset=&#8220;default&#8220; button_text_color=&#8220;#FFFFFF&#8220; button_bg_color=&#8220;#F7931E&#8220; button_font=&#8220;|600|||||||&#8220; button_use_icon=&#8220;off&#8220; custom_margin=&#8220;6px||||false|false&#8220; locked=&#8220;off&#8220; global_colors_info=&#8220;{}&#8220; button_bg_color__hover=&#8220;#f7a342&#8243; button_border_width__hover=&#8220;0px&#8220;][\/et_pb_button][\/et_pb_column][et_pb_column type=&#8220;1_2&#8243; _builder_version=&#8220;4.21.0&#8243; _module_preset=&#8220;default&#8220; global_colors_info=&#8220;{}&#8220;][et_pb_blurb title=&#8220;Wohnzimmer und voll ausgestattete K\u00fcche&#8220; url=&#8220;#kenmerken%20&#8243; use_icon=&#8220;on&#8220; font_icon=&#8220;agsdix-fas fa-tv||divi||400&#8243; icon_color=&#8220;#000000&#8243; image_icon_background_color=&#8220;RGBA(255,255,255,0)&#8220; icon_placement=&#8220;left&#8220; image_icon_width=&#8220;25px&#8220; content_max_width=&#8220;100%&#8220; module_id=&#8220;kenmerken&#8220; _builder_version=&#8220;4.24.3&#8243; _module_preset=&#8220;default&#8220; header_font_size=&#8220;16px&#8220; image_icon_custom_margin=&#8220;|||0px|false|false&#8220; custom_margin=&#8220;||15px||false|false&#8220; animation=&#8220;off&#8220; hover_transition_duration=&#8220;0ms&#8220; link_option_url=&#8220;#kenmerken &#8220; locked=&#8220;off&#8220; global_colors_info=&#8220;{}&#8220;]<\/p>\n<p>\u00d6sterreichischer Rundsitz, Geschirrsp\u00fcler, Backofen, Mikrowelle, K\u00fchl-Gefrierkombination, Senseo- und Kaffeemaschine und Fernseher (\u00fcber Google Chrome)<\/p>\n<p>[\/et_pb_blurb][et_pb_blurb title=&#8220;3 Schlafzimmer&#8220; use_icon=&#8220;on&#8220; font_icon=&#8220;agsdix-fas fa-bed||divi||400&#8243; icon_color=&#8220;#000000&#8243; image_icon_background_color=&#8220;RGBA(255,255,255,0)&#8220; icon_placement=&#8220;left&#8220; image_icon_width=&#8220;25px&#8220; content_max_width=&#8220;100%&#8220; _builder_version=&#8220;4.24.3&#8243; _module_preset=&#8220;default&#8220; header_font_size=&#8220;16px&#8220; image_icon_custom_margin=&#8220;|||0px|false|false&#8220; custom_margin=&#8220;||15px||false|false&#8220; animation=&#8220;off&#8220; hover_transition_duration=&#8220;0ms&#8220; locked=&#8220;off&#8220; global_colors_info=&#8220;{}&#8220;]<\/p>\n<p>Erstes Schlafzimmer mit Doppelbett und Kleiderschrank, zweites Schlafzimmer mit Doppelbett und Kleiderschrank und drittes Schlafzimmer mit Doppelbett und Einzelbett, Kleiderschrank und Waschbecken.<\/p>\n<p>[\/et_pb_blurb][et_pb_blurb title=&#8220;Badezimmer&#8220; use_icon=&#8220;on&#8220; font_icon=&#8220;agsdix-fas fa-shower||divi||400&#8243; icon_color=&#8220;#000000&#8243; image_icon_background_color=&#8220;RGBA(255,255,255,0)&#8220; icon_placement=&#8220;left&#8220; image_icon_width=&#8220;25px&#8220; content_max_width=&#8220;100%&#8220; _builder_version=&#8220;4.21.0&#8243; _module_preset=&#8220;default&#8220; header_font_size=&#8220;16px&#8220; image_icon_custom_margin=&#8220;|||0px|false|false&#8220; custom_margin=&#8220;||15px||false|false&#8220; animation=&#8220;off&#8220; hover_transition_duration=&#8220;0ms&#8220; locked=&#8220;off&#8220; global_colors_info=&#8220;{}&#8220;]<\/p>\n<p>Dusche, Doppelwaschbecken und Toilette, separates zweites WC<\/p>\n<p>[\/et_pb_blurb][et_pb_blurb title=&#8220;Privater Balkon&#8220; use_icon=&#8220;on&#8220; font_icon=&#8220;agsdix-smt3-wb-sunny||divi||400&#8243; icon_color=&#8220;#000000&#8243; image_icon_background_color=&#8220;RGBA(255,255,255,0)&#8220; icon_placement=&#8220;left&#8220; image_icon_width=&#8220;25px&#8220; content_max_width=&#8220;100%&#8220; _builder_version=&#8220;4.20.1&#8243; _module_preset=&#8220;default&#8220; header_font_size=&#8220;16px&#8220; image_icon_custom_margin=&#8220;|||0px|false|false&#8220; custom_margin=&#8220;||15px||false|false&#8220; animation=&#8220;off&#8220; hover_transition_duration=&#8220;0ms&#8220; locked=&#8220;off&#8220; global_colors_info=&#8220;{}&#8220;]<\/p>\n<p>von 35m2 mit Morgen- und Nachmittagssonne<\/p>\n<p>[\/et_pb_blurb][et_pb_blurb title=&#8220;Im ersten Stock&#8220; use_icon=&#8220;on&#8220; font_icon=&#8220;&#xe074;||divi||400&#8243; icon_color=&#8220;#000000&#8243; image_icon_background_color=&#8220;RGBA(255,255,255,0)&#8220; icon_placement=&#8220;left&#8220; image_icon_width=&#8220;25px&#8220; content_max_width=&#8220;100%&#8220; _builder_version=&#8220;4.20.1&#8243; _module_preset=&#8220;default&#8220; header_font_size=&#8220;16px&#8220; image_icon_custom_margin=&#8220;|||0px|false|false&#8220; custom_margin=&#8220;||15px||false|false&#8220; animation=&#8220;off&#8220; hover_transition_duration=&#8220;0ms&#8220; custom_css_blurb_title=&#8220;margin-top: 8px;&#8220; locked=&#8220;off&#8220; global_colors_info=&#8220;{}&#8220;][\/et_pb_blurb][et_pb_blurb title=&#8220;Oberfl\u00e4che&#8220; use_icon=&#8220;on&#8220; font_icon=&#8220;agsdix-fas fa-retweet||divi||400&#8243; icon_color=&#8220;#000000&#8243; image_icon_background_color=&#8220;RGBA(255,255,255,0)&#8220; icon_placement=&#8220;left&#8220; image_icon_width=&#8220;25px&#8220; content_max_width=&#8220;100%&#8220; _builder_version=&#8220;4.21.0&#8243; _module_preset=&#8220;default&#8220; header_font_size=&#8220;16px&#8220; image_icon_custom_margin=&#8220;|||0px|false|false&#8220; custom_margin=&#8220;||15px||false|false&#8220; animation=&#8220;off&#8220; hover_transition_duration=&#8220;0ms&#8220; locked=&#8220;off&#8220; global_colors_info=&#8220;{}&#8220;]<\/p>\n<p>Die Wohnung ist 70m2 gro\u00df<\/p>\n<p>[\/et_pb_blurb][et_pb_blurb title=&#8220;Max. 6 Personen&#8220; use_icon=&#8220;on&#8220; font_icon=&#8220;&#xe08b;||divi||400&#8243; icon_color=&#8220;#000000&#8243; image_icon_background_color=&#8220;RGBA(255,255,255,0)&#8220; icon_placement=&#8220;left&#8220; image_icon_width=&#8220;25px&#8220; content_max_width=&#8220;100%&#8220; _builder_version=&#8220;4.23.3&#8243; _module_preset=&#8220;default&#8220; header_font_size=&#8220;16px&#8220; image_icon_custom_margin=&#8220;|||0px|false|false&#8220; custom_margin=&#8220;||15px||false|false&#8220; animation=&#8220;off&#8220; hover_transition_duration=&#8220;0ms&#8220; custom_css_blurb_title=&#8220;margin-top: 5px;&#8220; locked=&#8220;off&#8220; global_colors_info=&#8220;{}&#8220;][\/et_pb_blurb][\/et_pb_column][\/et_pb_row][et_pb_row column_structure=&#8220;1_2,1_2&#8243; _builder_version=&#8220;4.21.0&#8243; _module_preset=&#8220;default&#8220; custom_padding=&#8220;||10px|||&#8220; global_colors_info=&#8220;{}&#8220;][et_pb_column type=&#8220;1_2&#8243; _builder_version=&#8220;4.21.0&#8243; _module_preset=&#8220;default&#8220; global_colors_info=&#8220;{}&#8220;][\/et_pb_column][et_pb_column type=&#8220;1_2&#8243; _builder_version=&#8220;4.21.0&#8243; _module_preset=&#8220;default&#8220; global_colors_info=&#8220;{}&#8220;][et_pb_text _builder_version=&#8220;4.24.3&#8243; _module_preset=&#8220;default&#8220; link_font=&#8220;||||on||||&#8220; header_2_font=&#8220;|600|||||||&#8220; header_2_font_size=&#8220;29px&#8220; header_3_font_size=&#8220;31px&#8220; text_orientation=&#8220;center&#8220; custom_padding=&#8220;|20px|13px|20px|false|true&#8220; locked=&#8220;off&#8220; global_colors_info=&#8220;{}&#8220;]<\/p>\n<h3 style=\"text-align: left;\"><span style=\"color: #ff9900;\"><strong>Apartment Hintersee<\/strong><\/span><\/h3>\n<p style=\"text-align: left;\">Sch\u00f6ne 4-Zimmer-Ferienwohnung im 1. OG und Dachgeschoss f\u00fcr max. 6 Personen mit Blick auf den Berg Pihapper<\/p>\n<p>[\/et_pb_text][\/et_pb_column][\/et_pb_row][et_pb_row column_structure=&#8220;1_2,1_2&#8243; _builder_version=&#8220;4.21.0&#8243; _module_preset=&#8220;default&#8220; locked=&#8220;off&#8220; global_colors_info=&#8220;{}&#8220;][et_pb_column type=&#8220;1_2&#8243; _builder_version=&#8220;4.21.0&#8243; _module_preset=&#8220;default&#8220; global_colors_info=&#8220;{}&#8220;][et_pb_blurb title=&#8220;Wohnzimmer und voll ausgestattete K\u00fcche&#8220; url=&#8220;#kenmerken%20&#8243; use_icon=&#8220;on&#8220; font_icon=&#8220;agsdix-fas fa-tv||divi||400&#8243; icon_color=&#8220;#000000&#8243; image_icon_background_color=&#8220;RGBA(255,255,255,0)&#8220; icon_placement=&#8220;left&#8220; image_icon_width=&#8220;25px&#8220; content_max_width=&#8220;100%&#8220; module_id=&#8220;kenmerken&#8220; _builder_version=&#8220;4.22.2&#8243; _module_preset=&#8220;default&#8220; header_font_size=&#8220;16px&#8220; image_icon_custom_margin=&#8220;|||0px|false|false&#8220; custom_margin=&#8220;||15px||false|false&#8220; animation=&#8220;off&#8220; hover_transition_duration=&#8220;0ms&#8220; link_option_url=&#8220;#kenmerken &#8220; locked=&#8220;off&#8220; global_colors_info=&#8220;{}&#8220;]<\/p>\n<p>\u00d6sterreichischer Rundsitz, Geschirrsp\u00fcler, Backofen, Mikrowelle, K\u00fchl-Gefrierkombination, Senseo- und Kaffeemaschine, Wasserkocher, Fernseher (\u00fcber Google Chrome)<\/p>\n<p>[\/et_pb_blurb][et_pb_blurb title=&#8220;3 Schlafzimmer&#8220; use_icon=&#8220;on&#8220; font_icon=&#8220;agsdix-fas fa-bed||divi||400&#8243; icon_color=&#8220;#000000&#8243; image_icon_background_color=&#8220;RGBA(255,255,255,0)&#8220; icon_placement=&#8220;left&#8220; image_icon_width=&#8220;25px&#8220; content_max_width=&#8220;100%&#8220; _builder_version=&#8220;4.24.3&#8243; _module_preset=&#8220;default&#8220; header_font_size=&#8220;16px&#8220; image_icon_custom_margin=&#8220;|||0px|false|false&#8220; custom_margin=&#8220;||15px||false|false&#8220; animation=&#8220;off&#8220; hover_transition_duration=&#8220;0ms&#8220; locked=&#8220;off&#8220; global_colors_info=&#8220;{}&#8220;]<\/p>\n<p style=\"text-align: left;\">Erstes Schlafzimmer mit Doppelbett und Kleiderschrank, zweites Schlafzimmer mit Doppelbett, Einzelbett und Kleiderschrank, drittes Schlafzimmer mit zwei Einzelbetten.<\/p>\n<p>[\/et_pb_blurb][et_pb_blurb title=&#8220;Badezimmer&#8220; use_icon=&#8220;on&#8220; font_icon=&#8220;agsdix-fas fa-shower||divi||400&#8243; icon_color=&#8220;#000000&#8243; image_icon_background_color=&#8220;RGBA(255,255,255,0)&#8220; icon_placement=&#8220;left&#8220; image_icon_width=&#8220;25px&#8220; content_max_width=&#8220;100%&#8220; _builder_version=&#8220;4.24.3&#8243; _module_preset=&#8220;default&#8220; header_font_size=&#8220;16px&#8220; image_icon_custom_margin=&#8220;|||0px|false|false&#8220; custom_margin=&#8220;||15px||false|false&#8220; animation=&#8220;off&#8220; hover_transition_duration=&#8220;0ms&#8220; locked=&#8220;off&#8220; global_colors_info=&#8220;{}&#8220;]<\/p>\n<p>Ger\u00e4umige Dusche, Doppelwaschbecken und Toilette, separates zweites WC.<\/p>\n<p>[\/et_pb_blurb][et_pb_blurb title=&#8220;Privater Balkon&#8220; use_icon=&#8220;on&#8220; font_icon=&#8220;agsdix-smt3-wb-sunny||divi||400&#8243; icon_color=&#8220;#000000&#8243; image_icon_background_color=&#8220;RGBA(255,255,255,0)&#8220; icon_placement=&#8220;left&#8220; image_icon_width=&#8220;25px&#8220; content_max_width=&#8220;100%&#8220; _builder_version=&#8220;4.21.0&#8243; _module_preset=&#8220;default&#8220; header_font_size=&#8220;16px&#8220; image_icon_custom_margin=&#8220;|||0px|false|false&#8220; custom_margin=&#8220;||15px||false|false&#8220; animation=&#8220;off&#8220; hover_transition_duration=&#8220;0ms&#8220; locked=&#8220;off&#8220; global_colors_info=&#8220;{}&#8220;]<\/p>\n<p>15 m2 Wohnfl\u00e4che in S\u00fcdlage mit herrlichem Blick auf die Hohen Tauern und den Pihapper.<\/p>\n<p>[\/et_pb_blurb][et_pb_blurb title=&#8220;Im ersten und zweiten Stock&#8220; use_icon=&#8220;on&#8220; font_icon=&#8220;&#xe074;||divi||400&#8243; icon_color=&#8220;#000000&#8243; image_icon_background_color=&#8220;RGBA(255,255,255,0)&#8220; icon_placement=&#8220;left&#8220; image_icon_width=&#8220;25px&#8220; content_max_width=&#8220;100%&#8220; _builder_version=&#8220;4.20.2&#8243; _module_preset=&#8220;default&#8220; header_font_size=&#8220;16px&#8220; image_icon_custom_margin=&#8220;|||0px|false|false&#8220; custom_margin=&#8220;||15px||false|false&#8220; animation=&#8220;off&#8220; hover_transition_duration=&#8220;0ms&#8220; custom_css_blurb_title=&#8220;margin-top: 8px;&#8220; locked=&#8220;off&#8220; global_colors_info=&#8220;{}&#8220;][\/et_pb_blurb][et_pb_blurb title=&#8220;Oberfl\u00e4che&#8220; use_icon=&#8220;on&#8220; font_icon=&#8220;agsdix-fas fa-retweet||divi||400&#8243; icon_color=&#8220;#000000&#8243; image_icon_background_color=&#8220;RGBA(255,255,255,0)&#8220; icon_placement=&#8220;left&#8220; image_icon_width=&#8220;25px&#8220; content_max_width=&#8220;100%&#8220; _builder_version=&#8220;4.21.0&#8243; _module_preset=&#8220;default&#8220; header_font_size=&#8220;16px&#8220; image_icon_custom_margin=&#8220;|||0px|false|false&#8220; custom_margin=&#8220;||15px||false|false&#8220; animation=&#8220;off&#8220; hover_transition_duration=&#8220;0ms&#8220; locked=&#8220;off&#8220; global_colors_info=&#8220;{}&#8220;]<\/p>\n<p>Die Wohnung ist 80m2 gro\u00df<\/p>\n<p>[\/et_pb_blurb][et_pb_blurb title=&#8220;Max. 6 Personen&#8220; use_icon=&#8220;on&#8220; font_icon=&#8220;&#xe08b;||divi||400&#8243; icon_color=&#8220;#000000&#8243; image_icon_background_color=&#8220;RGBA(255,255,255,0)&#8220; icon_placement=&#8220;left&#8220; image_icon_width=&#8220;25px&#8220; content_max_width=&#8220;100%&#8220; _builder_version=&#8220;4.23.3&#8243; _module_preset=&#8220;default&#8220; header_font_size=&#8220;16px&#8220; image_icon_custom_margin=&#8220;|||0px|false|false&#8220; custom_margin=&#8220;||15px||false|false&#8220; animation=&#8220;off&#8220; hover_transition_duration=&#8220;0ms&#8220; custom_css_blurb_title=&#8220;margin-top: 5px;&#8220; locked=&#8220;off&#8220; global_colors_info=&#8220;{}&#8220;][\/et_pb_blurb][\/et_pb_column][et_pb_column type=&#8220;1_2&#8243; _builder_version=&#8220;4.21.0&#8243; _module_preset=&#8220;default&#8220; global_colors_info=&#8220;{}&#8220;][et_pb_gallery gallery_ids=&#8220;19353,19351,18710,18714,18713,18712,18711&#8243; fullwidth=&#8220;on&#8220; module_id=&#8220;foto&#8220; _builder_version=&#8220;4.27.2&#8243; _module_preset=&#8220;default&#8220; locked=&#8220;off&#8220; global_colors_info=&#8220;{}&#8220;][\/et_pb_gallery][et_pb_button button_url=&#8220;https:\/\/pihapperhof.at\/de\/verfuegbarkeit\/&#8220; button_text=&#8220;Siehe Verf\u00fcgbarkeit&#8220; button_alignment=&#8220;center&#8220; _builder_version=&#8220;4.21.0&#8243; _module_preset=&#8220;default&#8220; button_text_color=&#8220;#FFFFFF&#8220; button_bg_color=&#8220;#F7931E&#8220; button_font=&#8220;|600|||||||&#8220; button_use_icon=&#8220;off&#8220; custom_margin=&#8220;6px||||false|false&#8220; locked=&#8220;off&#8220; global_colors_info=&#8220;{}&#8220; button_bg_color__hover=&#8220;#f7a342&#8243; button_border_width__hover=&#8220;0px&#8220;][\/et_pb_button][\/et_pb_column][\/et_pb_row][et_pb_row column_structure=&#8220;1_2,1_2&#8243; _builder_version=&#8220;4.21.0&#8243; _module_preset=&#8220;default&#8220; custom_padding=&#8220;||10px|||&#8220; locked=&#8220;off&#8220; global_colors_info=&#8220;{}&#8220;][et_pb_column type=&#8220;1_2&#8243; _builder_version=&#8220;4.21.0&#8243; _module_preset=&#8220;default&#8220; global_colors_info=&#8220;{}&#8220;][et_pb_text _builder_version=&#8220;4.24.3&#8243; _module_preset=&#8220;default&#8220; link_font=&#8220;||||on||||&#8220; header_2_font=&#8220;|600|||||||&#8220; header_2_font_size=&#8220;29px&#8220; header_3_font_size=&#8220;30px&#8220; text_orientation=&#8220;center&#8220; custom_padding=&#8220;|20px|6px|20px|false|true&#8220; locked=&#8220;off&#8220; global_colors_info=&#8220;{}&#8220;]<\/p>\n<h3 style=\"text-align: left;\"><strong><span style=\"color: #ff9900;\">Apartment Hohe Tauern<\/span><\/strong><\/h3>\n<p style=\"text-align: left;\">Ger\u00e4umige 4-Zimmer-Ferienwohnung f\u00fcr max. 6 Personen mit Blick auf den Berg Pihapper.<\/p>\n<p>[\/et_pb_text][et_pb_text _builder_version=&#8220;4.21.0&#8243; _module_preset=&#8220;default&#8220; link_font=&#8220;||||on||||&#8220; header_2_font=&#8220;|600|||||||&#8220; header_2_font_size=&#8220;29px&#8220; header_3_font_size=&#8220;30px&#8220; text_orientation=&#8220;center&#8220; custom_padding=&#8220;|20px|6px|20px|false|true&#8220; locked=&#8220;off&#8220; global_colors_info=&#8220;{}&#8220;]<\/p>\n<h3 style=\"text-align: left;\"><\/h3>\n<p>[\/et_pb_text][\/et_pb_column][et_pb_column type=&#8220;1_2&#8243; _builder_version=&#8220;4.21.0&#8243; _module_preset=&#8220;default&#8220; global_colors_info=&#8220;{}&#8220;][\/et_pb_column][\/et_pb_row][et_pb_row column_structure=&#8220;1_2,1_2&#8243; _builder_version=&#8220;4.21.0&#8243; _module_preset=&#8220;default&#8220; locked=&#8220;off&#8220; global_colors_info=&#8220;{}&#8220;][et_pb_column type=&#8220;1_2&#8243; _builder_version=&#8220;4.21.0&#8243; _module_preset=&#8220;default&#8220; global_colors_info=&#8220;{}&#8220;][et_pb_gallery gallery_ids=&#8220;18721,18720,18719,18718,18717,18716,18715&#8243; fullwidth=&#8220;on&#8220; module_id=&#8220;foto&#8220; _builder_version=&#8220;4.21.0&#8243; _module_preset=&#8220;default&#8220; locked=&#8220;off&#8220; global_colors_info=&#8220;{}&#8220;][\/et_pb_gallery][et_pb_button button_url=&#8220;https:\/\/pihapperhof.at\/de\/verfuegbarkeit\/&#8220; button_text=&#8220;Siehe Verf\u00fcgbarkeit&#8220; button_alignment=&#8220;center&#8220; _builder_version=&#8220;4.21.0&#8243; _module_preset=&#8220;default&#8220; button_text_color=&#8220;#FFFFFF&#8220; button_bg_color=&#8220;#F7931E&#8220; button_font=&#8220;|600|||||||&#8220; button_use_icon=&#8220;off&#8220; custom_margin=&#8220;6px||||false|false&#8220; locked=&#8220;off&#8220; global_colors_info=&#8220;{}&#8220; button_bg_color__hover=&#8220;#f7a342&#8243; button_border_width__hover=&#8220;0px&#8220;][\/et_pb_button][\/et_pb_column][et_pb_column type=&#8220;1_2&#8243; _builder_version=&#8220;4.21.0&#8243; _module_preset=&#8220;default&#8220; global_colors_info=&#8220;{}&#8220;][et_pb_blurb title=&#8220;Wohnzimmer und voll ausgestattete K\u00fcche&#8220; url=&#8220;#kenmerken%20&#8243; use_icon=&#8220;on&#8220; font_icon=&#8220;agsdix-fas fa-tv||divi||400&#8243; icon_color=&#8220;#000000&#8243; image_icon_background_color=&#8220;RGBA(255,255,255,0)&#8220; icon_placement=&#8220;left&#8220; image_icon_width=&#8220;25px&#8220; content_max_width=&#8220;100%&#8220; module_id=&#8220;kenmerken&#8220; _builder_version=&#8220;4.24.3&#8243; _module_preset=&#8220;default&#8220; header_font_size=&#8220;16px&#8220; image_icon_custom_margin=&#8220;|||0px|false|false&#8220; custom_margin=&#8220;||15px||false|false&#8220; animation=&#8220;off&#8220; hover_transition_duration=&#8220;0ms&#8220; link_option_url=&#8220;#kenmerken &#8220; locked=&#8220;off&#8220; global_colors_info=&#8220;{}&#8220;]<\/p>\n<p style=\"text-align: left;\">Wohnzimmer mit Sofa, zwei Sesseln und Fernseher (\u00fcber Google Chromecast). Separate K\u00fcche mit Tisch und 6 St\u00fchlen, Geschirrsp\u00fcler, Backofen, Mikrowelle, K\u00fchl-Gefrierkombination, Senseo und Kaffeemaschine<\/p>\n<p>[\/et_pb_blurb][et_pb_blurb title=&#8220;2 Schlafzimmer&#8220; use_icon=&#8220;on&#8220; font_icon=&#8220;agsdix-fas fa-bed||divi||400&#8243; icon_color=&#8220;#000000&#8243; image_icon_background_color=&#8220;RGBA(255,255,255,0)&#8220; icon_placement=&#8220;left&#8220; image_icon_width=&#8220;25px&#8220; content_max_width=&#8220;100%&#8220; _builder_version=&#8220;4.24.3&#8243; _module_preset=&#8220;default&#8220; header_font_size=&#8220;16px&#8220; image_icon_custom_margin=&#8220;|||0px|false|false&#8220; custom_margin=&#8220;||15px||false|false&#8220; animation=&#8220;off&#8220; hover_transition_duration=&#8220;0ms&#8220; locked=&#8220;off&#8220; global_colors_info=&#8220;{}&#8220;]<\/p>\n<p>Erstes Schlafzimmer mit Doppelbett, Etagenbett und Kleiderschrank, zweites Schlafzimmer mit Doppelbett und Kleiderschrank.<\/p>\n<p>[\/et_pb_blurb][et_pb_blurb title=&#8220;Badezimmer&#8220; use_icon=&#8220;on&#8220; font_icon=&#8220;agsdix-fas fa-shower||divi||400&#8243; icon_color=&#8220;#000000&#8243; image_icon_background_color=&#8220;RGBA(255,255,255,0)&#8220; icon_placement=&#8220;left&#8220; image_icon_width=&#8220;25px&#8220; content_max_width=&#8220;100%&#8220; _builder_version=&#8220;4.21.0&#8243; _module_preset=&#8220;default&#8220; header_font_size=&#8220;16px&#8220; image_icon_custom_margin=&#8220;|||0px|false|false&#8220; custom_margin=&#8220;||15px||false|false&#8220; animation=&#8220;off&#8220; hover_transition_duration=&#8220;0ms&#8220; locked=&#8220;off&#8220; global_colors_info=&#8220;{}&#8220;]<\/p>\n<p>Dusche, separates Bad, Waschbecken und Toilette, separates zweites WC<\/p>\n<p>[\/et_pb_blurb][et_pb_blurb title=&#8220;Private \u00fcberdachte Terrasse&#8220; use_icon=&#8220;on&#8220; font_icon=&#8220;agsdix-smt3-wb-sunny||divi||400&#8243; icon_color=&#8220;#000000&#8243; image_icon_background_color=&#8220;RGBA(255,255,255,0)&#8220; icon_placement=&#8220;left&#8220; image_icon_width=&#8220;25px&#8220; content_max_width=&#8220;100%&#8220; _builder_version=&#8220;4.21.0&#8243; _module_preset=&#8220;default&#8220; header_font_size=&#8220;16px&#8220; image_icon_custom_margin=&#8220;|||0px|false|false&#8220; custom_margin=&#8220;||15px||false|false&#8220; animation=&#8220;off&#8220; hover_transition_duration=&#8220;0ms&#8220; locked=&#8220;off&#8220; global_colors_info=&#8220;{}&#8220;]<\/p>\n<p>mit Morgen- und Nachmittagssonne<\/p>\n<p>[\/et_pb_blurb][et_pb_blurb title=&#8220;Erdgeschoss&#8220; use_icon=&#8220;on&#8220; font_icon=&#8220;&#xe074;||divi||400&#8243; icon_color=&#8220;#000000&#8243; image_icon_background_color=&#8220;RGBA(255,255,255,0)&#8220; icon_placement=&#8220;left&#8220; image_icon_width=&#8220;25px&#8220; content_max_width=&#8220;100%&#8220; _builder_version=&#8220;4.20.2&#8243; _module_preset=&#8220;default&#8220; header_font_size=&#8220;16px&#8220; image_icon_custom_margin=&#8220;|||0px|false|false&#8220; custom_margin=&#8220;||15px||false|false&#8220; animation=&#8220;off&#8220; hover_transition_duration=&#8220;0ms&#8220; custom_css_blurb_title=&#8220;margin-top: 8px;&#8220; locked=&#8220;off&#8220; global_colors_info=&#8220;{}&#8220;][\/et_pb_blurb][et_pb_blurb title=&#8220;Oberfl\u00e4che&#8220; use_icon=&#8220;on&#8220; font_icon=&#8220;agsdix-fas fa-retweet||divi||400&#8243; icon_color=&#8220;#000000&#8243; image_icon_background_color=&#8220;RGBA(255,255,255,0)&#8220; icon_placement=&#8220;left&#8220; image_icon_width=&#8220;25px&#8220; content_max_width=&#8220;100%&#8220; _builder_version=&#8220;4.21.0&#8243; _module_preset=&#8220;default&#8220; header_font_size=&#8220;16px&#8220; image_icon_custom_margin=&#8220;|||0px|false|false&#8220; custom_margin=&#8220;||15px||false|false&#8220; animation=&#8220;off&#8220; hover_transition_duration=&#8220;0ms&#8220; locked=&#8220;off&#8220; global_colors_info=&#8220;{}&#8220;]<\/p>\n<p>Die Wohnung ist 80m2 gro\u00df<\/p>\n<p>[\/et_pb_blurb][et_pb_blurb title=&#8220;Max. 6 Personen&#8220; use_icon=&#8220;on&#8220; font_icon=&#8220;&#xe08b;||divi||400&#8243; icon_color=&#8220;#000000&#8243; image_icon_background_color=&#8220;RGBA(255,255,255,0)&#8220; icon_placement=&#8220;left&#8220; image_icon_width=&#8220;25px&#8220; content_max_width=&#8220;100%&#8220; _builder_version=&#8220;4.20.2&#8243; _module_preset=&#8220;default&#8220; header_font_size=&#8220;16px&#8220; image_icon_custom_margin=&#8220;|||0px|false|false&#8220; custom_margin=&#8220;||15px||false|false&#8220; animation=&#8220;off&#8220; hover_transition_duration=&#8220;0ms&#8220; custom_css_blurb_title=&#8220;margin-top: 5px;&#8220; locked=&#8220;off&#8220; global_colors_info=&#8220;{}&#8220;][\/et_pb_blurb][\/et_pb_column][\/et_pb_row][et_pb_row column_structure=&#8220;1_2,1_2&#8243; _builder_version=&#8220;4.23.1&#8243; _module_preset=&#8220;default&#8220; custom_padding=&#8220;||10px|||&#8220; locked=&#8220;off&#8220; global_colors_info=&#8220;{}&#8220;][et_pb_column type=&#8220;1_2&#8243; _builder_version=&#8220;4.21.0&#8243; _module_preset=&#8220;default&#8220; global_colors_info=&#8220;{}&#8220;][et_pb_text _builder_version=&#8220;4.24.3&#8243; _module_preset=&#8220;default&#8220; link_font=&#8220;||||on||||&#8220; header_2_font=&#8220;|600|||||||&#8220; header_2_font_size=&#8220;29px&#8220; header_3_font_size=&#8220;30px&#8220; text_orientation=&#8220;center&#8220; custom_padding=&#8220;|20px|6px|20px|false|true&#8220; locked=&#8220;off&#8220; global_colors_info=&#8220;{}&#8220;]<\/p>\n<h3 style=\"text-align: left;\"><strong><span style=\"color: #ff9900;\">Apartment Pinzgau<\/span><\/strong><\/h3>\n<p style=\"text-align: left;\"><strong>Neu ab Februar 2024! <\/strong><\/p>\n<p style=\"text-align: left;\">H\u00e4uslich 3-Zimmer-Ferienwohnung f\u00fcr max. 4 Personen im Erdgeschoss.<\/p>\n<p>[\/et_pb_text][\/et_pb_column][et_pb_column type=&#8220;1_2&#8243; _builder_version=&#8220;4.21.0&#8243; _module_preset=&#8220;default&#8220; global_colors_info=&#8220;{}&#8220;][et_pb_text _builder_version=&#8220;4.21.0&#8243; _module_preset=&#8220;default&#8220; link_font=&#8220;||||on||||&#8220; header_2_font=&#8220;|600|||||||&#8220; header_2_font_size=&#8220;29px&#8220; header_3_font_size=&#8220;30px&#8220; text_orientation=&#8220;center&#8220; custom_padding=&#8220;|20px|6px|20px|false|true&#8220; locked=&#8220;off&#8220; global_colors_info=&#8220;{}&#8220;]<\/p>\n<h3 style=\"text-align: left;\"><\/h3>\n<p>[\/et_pb_text][\/et_pb_column][\/et_pb_row][et_pb_row column_structure=&#8220;1_2,1_2&#8243; _builder_version=&#8220;4.23.1&#8243; _module_preset=&#8220;default&#8220; locked=&#8220;off&#8220; global_colors_info=&#8220;{}&#8220;][et_pb_column type=&#8220;1_2&#8243; _builder_version=&#8220;4.21.0&#8243; _module_preset=&#8220;default&#8220; global_colors_info=&#8220;{}&#8220;][et_pb_gallery gallery_ids=&#8220;19177,19167,19171,19173,19161,19163,19175,18862,19165,19169&#8243; fullwidth=&#8220;on&#8220; module_id=&#8220;foto&#8220; _builder_version=&#8220;4.24.2&#8243; _module_preset=&#8220;default&#8220; locked=&#8220;off&#8220; global_colors_info=&#8220;{}&#8220;][\/et_pb_gallery][et_pb_button button_url=&#8220;https:\/\/pihapperhof.at\/de\/verfuegbarkeit\/&#8220; button_text=&#8220;Siehe Verf\u00fcgbarkeit&#8220; button_alignment=&#8220;center&#8220; _builder_version=&#8220;4.21.0&#8243; _module_preset=&#8220;default&#8220; button_text_color=&#8220;#FFFFFF&#8220; button_bg_color=&#8220;#F7931E&#8220; button_font=&#8220;|600|||||||&#8220; button_use_icon=&#8220;off&#8220; custom_margin=&#8220;6px||||false|false&#8220; locked=&#8220;off&#8220; global_colors_info=&#8220;{}&#8220; button_bg_color__hover=&#8220;#f7a342&#8243; button_border_width__hover=&#8220;0px&#8220;][\/et_pb_button][\/et_pb_column][et_pb_column type=&#8220;1_2&#8243; _builder_version=&#8220;4.21.0&#8243; _module_preset=&#8220;default&#8220; global_colors_info=&#8220;{}&#8220;][et_pb_blurb title=&#8220;Wohnzimmer und K\u00fcche&#8220; url=&#8220;#kenmerken%20&#8243; use_icon=&#8220;on&#8220; font_icon=&#8220;agsdix-fas fa-tv||divi||400&#8243; icon_color=&#8220;#000000&#8243; image_icon_background_color=&#8220;RGBA(255,255,255,0)&#8220; icon_placement=&#8220;left&#8220; image_icon_width=&#8220;25px&#8220; content_max_width=&#8220;100%&#8220; module_id=&#8220;kenmerken&#8220; _builder_version=&#8220;4.23.1&#8243; _module_preset=&#8220;default&#8220; header_font_size=&#8220;16px&#8220; image_icon_custom_margin=&#8220;|||0px|false|false&#8220; custom_margin=&#8220;||15px||false|false&#8220; animation=&#8220;off&#8220; hover_transition_duration=&#8220;0ms&#8220; link_option_url=&#8220;#kenmerken &#8220; locked=&#8220;off&#8220; global_colors_info=&#8220;{}&#8220;]<\/p>\n<p>K\u00fcche mit Induktionskochfeld, Backofen, Geschirsp\u00fcler, K\u00fchl-Gefrierkombination und Nespressomaschine. Tisch mit Vier Stuhlen, Couch, Sessel, Fernseher (\u00fcber Google Chrome)<\/p>\n<p>[\/et_pb_blurb][et_pb_blurb title=&#8220;2 Schlafzimmer&#8220; use_icon=&#8220;on&#8220; font_icon=&#8220;agsdix-fas fa-bed||divi||400&#8243; icon_color=&#8220;#000000&#8243; image_icon_background_color=&#8220;RGBA(255,255,255,0)&#8220; icon_placement=&#8220;left&#8220; image_icon_width=&#8220;25px&#8220; content_max_width=&#8220;100%&#8220; _builder_version=&#8220;4.23.1&#8243; _module_preset=&#8220;default&#8220; header_font_size=&#8220;16px&#8220; image_icon_custom_margin=&#8220;|||0px|false|false&#8220; custom_margin=&#8220;||15px||false|false&#8220; animation=&#8220;off&#8220; hover_transition_duration=&#8220;0ms&#8220; locked=&#8220;off&#8220; global_colors_info=&#8220;{}&#8220;]<\/p>\n<p>Erstes Schlafzimmer mit Doppelbett und Kleiderschrank, zweites Schlafzimmer mit zwei Einzelbetten und Kleiderschrank.<\/p>\n<p>[\/et_pb_blurb][et_pb_blurb title=&#8220;Badezimmer&#8220; use_icon=&#8220;on&#8220; font_icon=&#8220;agsdix-fas fa-shower||divi||400&#8243; icon_color=&#8220;#000000&#8243; image_icon_background_color=&#8220;RGBA(255,255,255,0)&#8220; icon_placement=&#8220;left&#8220; image_icon_width=&#8220;25px&#8220; content_max_width=&#8220;100%&#8220; _builder_version=&#8220;4.23.1&#8243; _module_preset=&#8220;default&#8220; header_font_size=&#8220;16px&#8220; image_icon_custom_margin=&#8220;|||0px|false|false&#8220; custom_margin=&#8220;||15px||false|false&#8220; animation=&#8220;off&#8220; hover_transition_duration=&#8220;0ms&#8220; locked=&#8220;off&#8220; global_colors_info=&#8220;{}&#8220;]<\/p>\n<p>Dusche, Waschbecken und Toilette<\/p>\n<p>[\/et_pb_blurb][et_pb_blurb title=&#8220;Privater Balkon&#8220; use_icon=&#8220;on&#8220; font_icon=&#8220;agsdix-smt3-wb-sunny||divi||400&#8243; icon_color=&#8220;#000000&#8243; image_icon_background_color=&#8220;RGBA(255,255,255,0)&#8220; icon_placement=&#8220;left&#8220; image_icon_width=&#8220;25px&#8220; content_max_width=&#8220;100%&#8220; _builder_version=&#8220;4.23.1&#8243; _module_preset=&#8220;default&#8220; header_font_size=&#8220;16px&#8220; image_icon_custom_margin=&#8220;|||0px|false|false&#8220; custom_margin=&#8220;||15px||false|false&#8220; animation=&#8220;off&#8220; hover_transition_duration=&#8220;0ms&#8220; locked=&#8220;off&#8220; global_colors_info=&#8220;{}&#8220;]<\/p>\n<p>Mit Morgen- und Nachmittagssonne<\/p>\n<p>[\/et_pb_blurb][et_pb_blurb title=&#8220;Im Erdgeschoss&#8220; use_icon=&#8220;on&#8220; font_icon=&#8220;&#xe074;||divi||400&#8243; icon_color=&#8220;#000000&#8243; image_icon_background_color=&#8220;RGBA(255,255,255,0)&#8220; icon_placement=&#8220;left&#8220; image_icon_width=&#8220;25px&#8220; content_max_width=&#8220;100%&#8220; _builder_version=&#8220;4.23.1&#8243; _module_preset=&#8220;default&#8220; header_font_size=&#8220;16px&#8220; image_icon_custom_margin=&#8220;|||0px|false|false&#8220; custom_margin=&#8220;||15px||false|false&#8220; animation=&#8220;off&#8220; hover_transition_duration=&#8220;0ms&#8220; custom_css_blurb_title=&#8220;margin-top: 8px;&#8220; locked=&#8220;off&#8220; global_colors_info=&#8220;{}&#8220;][\/et_pb_blurb][et_pb_blurb title=&#8220;Oberfl\u00e4che&#8220; use_icon=&#8220;on&#8220; font_icon=&#8220;agsdix-fas fa-retweet||divi||400&#8243; icon_color=&#8220;#000000&#8243; image_icon_background_color=&#8220;RGBA(255,255,255,0)&#8220; icon_placement=&#8220;left&#8220; image_icon_width=&#8220;25px&#8220; content_max_width=&#8220;100%&#8220; _builder_version=&#8220;4.23.1&#8243; _module_preset=&#8220;default&#8220; header_font_size=&#8220;16px&#8220; image_icon_custom_margin=&#8220;|||0px|false|false&#8220; custom_margin=&#8220;||15px||false|false&#8220; animation=&#8220;off&#8220; hover_transition_duration=&#8220;0ms&#8220; locked=&#8220;off&#8220; global_colors_info=&#8220;{}&#8220;]<\/p>\n<p>Die Wohnung ist 50m2 gro\u00df<\/p>\n<p>[\/et_pb_blurb][et_pb_blurb title=&#8220;Max. 4 personen &#8220; use_icon=&#8220;on&#8220; font_icon=&#8220;&#xe08b;||divi||400&#8243; icon_color=&#8220;#000000&#8243; image_icon_background_color=&#8220;RGBA(255,255,255,0)&#8220; icon_placement=&#8220;left&#8220; image_icon_width=&#8220;25px&#8220; content_max_width=&#8220;100%&#8220; _builder_version=&#8220;4.23.1&#8243; _module_preset=&#8220;default&#8220; header_font_size=&#8220;16px&#8220; image_icon_custom_margin=&#8220;|||0px|false|false&#8220; custom_margin=&#8220;||15px||false|false&#8220; animation=&#8220;off&#8220; hover_transition_duration=&#8220;0ms&#8220; custom_css_blurb_title=&#8220;margin-top: 5px;&#8220; locked=&#8220;off&#8220; global_colors_info=&#8220;{}&#8220;][\/et_pb_blurb][\/et_pb_column][\/et_pb_row][\/et_pb_section][et_pb_section fb_built=&#8220;1&#8243; _builder_version=&#8220;4.21.0&#8243; _module_preset=&#8220;default&#8220; background_enable_image=&#8220;off&#8220; background_size=&#8220;custom&#8220; background_image_height=&#8220;41%&#8220; background_position=&#8220;bottom_right&#8220; background_horizontal_offset=&#8220;-10%&#8220; custom_padding=&#8220;3px||80px|||&#8220; locked=&#8220;off&#8220; global_colors_info=&#8220;{}&#8220;][et_pb_row _builder_version=&#8220;4.20.2&#8243; _module_preset=&#8220;default&#8220; global_colors_info=&#8220;{}&#8220;][et_pb_column type=&#8220;4_4&#8243; _builder_version=&#8220;4.20.2&#8243; _module_preset=&#8220;default&#8220; global_colors_info=&#8220;{}&#8220;][et_pb_text module_id=&#8220;inclusief &#8220; _builder_version=&#8220;4.21.0&#8243; _module_preset=&#8220;default&#8220; header_2_font=&#8220;|600|||||||&#8220; header_2_font_size=&#8220;32px&#8220; header_3_font=&#8220;|600|||||||&#8220; header_3_font_size=&#8220;30px&#8220; custom_margin=&#8220;||11px|||&#8220; locked=&#8220;off&#8220; global_colors_info=&#8220;{}&#8220;]<\/p>\n<h3 style=\"text-align: left;\"><strong><span style=\"color: #ff9900;\">Alle Apartments kommen inklusive:<\/span><\/strong><\/h3>\n<p>[\/et_pb_text][et_pb_text module_id=&#8220;inclusief &#8220; _builder_version=&#8220;4.27.2&#8243; _module_preset=&#8220;default&#8220; link_option_url=&#8220;#inclusief &#8220; hover_enabled=&#8220;0&#8243; locked=&#8220;off&#8220; global_colors_info=&#8220;{}&#8220; sticky_enabled=&#8220;0&#8243;]<\/p>\n<ul>\n<li style=\"list-style-type: none;\">\n<ul>\n<li>Am Anreisetag gibt es einen Topf Bio-Gem\u00fcsesuppe, sodass Sie diese nicht selbst kochen m\u00fcssen!<\/li>\n<li>Die Betten sind bei der Ankunft bezogen<\/li>\n<li>Badet\u00fccher und Toilettenpapier<\/li>\n<li>K\u00fcchenw\u00e4sche und grundlegende K\u00fcchenutensilien (Handseife, Abfallbeutel, Sp\u00fclmaschinenw\u00fcrfel, Sp\u00fclmittel + B\u00fcrste, Kaffeefilterbeutel sowie Salz und Pfeffer)<\/li>\n<li>Nationapark Sommercard<\/li>\n<li>Endreinigung\u00a0<\/li>\n<\/ul>\n<\/li>\n<\/ul>\n<p>[\/et_pb_text][\/et_pb_column][\/et_pb_row][\/et_pb_section]<\/p>\n","protected":false},"excerpt":{"rendered":"<p>Apartements \/ FerienwohnungenApartment Felbertauern Gem\u00fctliche 4-Zimmer-Ferienwohnung im 1. OG f\u00fcr max. 6 Personen mit Aussicht auf Schlo\u00df Mittersill.\u00d6sterreichischer Rundsitz, Geschirrsp\u00fcler, Backofen, Mikrowelle, K\u00fchl-Gefrierkombination, Senseo- und Kaffeemaschine und Fernseher (\u00fcber Google Chrome)Erstes Schlafzimmer mit Doppelbett und Kleiderschrank, zweites Schlafzimmer mit Doppelbett und Kleiderschrank und drittes Schlafzimmer mit Doppelbett und Einzelbett, Kleiderschrank und Waschbecken.Dusche, Doppelwaschbecken und Toilette, [&hellip;]<\/p>\n","protected":false},"author":6,"featured_media":18773,"parent":0,"menu_order":0,"comment_status":"closed","ping_status":"closed","template":"","meta":{"_acf_changed":false,"_et_pb_use_builder":"on","_et_pb_old_content":"","_et_gb_content_width":"","footnotes":""},"class_list":["post-18813","page","type-page","status-publish","has-post-thumbnail","hentry"],"acf":[],"yoast_head":"<!-- This site is optimized with the Yoast SEO plugin v27.5 - https:\/\/yoast.com\/product\/yoast-seo-wordpress\/ -->\n<title>Apartements \/ Ferienwohnungen - Pihapperhof<\/title>\n<meta name=\"robots\" content=\"index, follow, max-snippet:-1, max-image-preview:large, max-video-preview:-1\" \/>\n<link rel=\"canonical\" href=\"https:\/\/pihapperhof.at\/appartementen\/\" \/>\n<meta property=\"og:locale\" content=\"de_DE\" \/>\n<meta property=\"og:type\" content=\"article\" \/>\n<meta property=\"og:title\" content=\"Apartements \/ Ferienwohnungen - Pihapperhof\" \/>\n<meta property=\"og:description\" content=\"Apartements \/ FerienwohnungenApartment Felbertauern Gem\u00fctliche 4-Zimmer-Ferienwohnung im 1. OG f\u00fcr max. 6 Personen mit Aussicht auf Schlo\u00df Mittersill.\u00d6sterreichischer Rundsitz, Geschirrsp\u00fcler, Backofen, Mikrowelle, K\u00fchl-Gefrierkombination, Senseo- und Kaffeemaschine und Fernseher (\u00fcber Google Chrome)Erstes Schlafzimmer mit Doppelbett und Kleiderschrank, zweites Schlafzimmer mit Doppelbett und Kleiderschrank und drittes Schlafzimmer mit Doppelbett und Einzelbett, Kleiderschrank und Waschbecken.Dusche, Doppelwaschbecken und Toilette, [&hellip;]\" \/>\n<meta property=\"og:url\" content=\"https:\/\/pihapperhof.at\/appartementen\/\" \/>\n<meta property=\"og:site_name\" content=\"Pihapperhof\" \/>\n<meta property=\"article:modified_time\" content=\"2024-10-17T13:33:25+00:00\" \/>\n<meta property=\"og:image\" content=\"https:\/\/pihapperhof.at\/wp-content\/uploads\/2023\/03\/IMG_2294.jpg\" \/>\n\t<meta property=\"og:image:width\" content=\"1280\" \/>\n\t<meta property=\"og:image:height\" content=\"960\" \/>\n\t<meta property=\"og:image:type\" content=\"image\/jpeg\" \/>\n<meta name=\"twitter:card\" content=\"summary_large_image\" \/>\n<meta name=\"twitter:label1\" content=\"Gesch\u00e4tzte Lesezeit\" \/>\n\t<meta name=\"twitter:data1\" content=\"9\u00a0Minuten\" \/>\n<script type=\"application\/ld+json\" class=\"yoast-schema-graph\">{\"@context\":\"https:\\\/\\\/schema.org\",\"@graph\":[{\"@type\":\"WebPage\",\"@id\":\"https:\\\/\\\/pihapperhof.at\\\/appartementen\\\/\",\"url\":\"https:\\\/\\\/pihapperhof.at\\\/appartementen\\\/\",\"name\":\"Apartements \\\/ Ferienwohnungen - Pihapperhof\",\"isPartOf\":{\"@id\":\"https:\\\/\\\/pihapperhof.at\\\/#website\"},\"primaryImageOfPage\":{\"@id\":\"https:\\\/\\\/pihapperhof.at\\\/appartementen\\\/#primaryimage\"},\"image\":{\"@id\":\"https:\\\/\\\/pihapperhof.at\\\/appartementen\\\/#primaryimage\"},\"thumbnailUrl\":\"https:\\\/\\\/pihapperhof.at\\\/wp-content\\\/uploads\\\/2023\\\/03\\\/IMG_2294.jpg\",\"datePublished\":\"2023-11-06T11:02:24+00:00\",\"dateModified\":\"2024-10-17T13:33:25+00:00\",\"breadcrumb\":{\"@id\":\"https:\\\/\\\/pihapperhof.at\\\/appartementen\\\/#breadcrumb\"},\"inLanguage\":\"de\",\"potentialAction\":[{\"@type\":\"ReadAction\",\"target\":[\"https:\\\/\\\/pihapperhof.at\\\/appartementen\\\/\"]}]},{\"@type\":\"ImageObject\",\"inLanguage\":\"de\",\"@id\":\"https:\\\/\\\/pihapperhof.at\\\/appartementen\\\/#primaryimage\",\"url\":\"https:\\\/\\\/pihapperhof.at\\\/wp-content\\\/uploads\\\/2023\\\/03\\\/IMG_2294.jpg\",\"contentUrl\":\"https:\\\/\\\/pihapperhof.at\\\/wp-content\\\/uploads\\\/2023\\\/03\\\/IMG_2294.jpg\",\"width\":1280,\"height\":960},{\"@type\":\"BreadcrumbList\",\"@id\":\"https:\\\/\\\/pihapperhof.at\\\/appartementen\\\/#breadcrumb\",\"itemListElement\":[{\"@type\":\"ListItem\",\"position\":1,\"name\":\"Home\",\"item\":\"https:\\\/\\\/pihapperhof.at\\\/de\\\/\"},{\"@type\":\"ListItem\",\"position\":2,\"name\":\"Apartements \\\/ Ferienwohnungen\"}]},{\"@type\":\"WebSite\",\"@id\":\"https:\\\/\\\/pihapperhof.at\\\/#website\",\"url\":\"https:\\\/\\\/pihapperhof.at\\\/\",\"name\":\"Pihapperhof\",\"description\":\"Natuurlijk genieten\",\"potentialAction\":[{\"@type\":\"SearchAction\",\"target\":{\"@type\":\"EntryPoint\",\"urlTemplate\":\"https:\\\/\\\/pihapperhof.at\\\/?s={search_term_string}\"},\"query-input\":{\"@type\":\"PropertyValueSpecification\",\"valueRequired\":true,\"valueName\":\"search_term_string\"}}],\"inLanguage\":\"de\"}]}<\/script>\n<!-- \/ Yoast SEO plugin. -->","yoast_head_json":{"title":"Apartements \/ Ferienwohnungen - Pihapperhof","robots":{"index":"index","follow":"follow","max-snippet":"max-snippet:-1","max-image-preview":"max-image-preview:large","max-video-preview":"max-video-preview:-1"},"canonical":"https:\/\/pihapperhof.at\/appartementen\/","og_locale":"de_DE","og_type":"article","og_title":"Apartements \/ Ferienwohnungen - Pihapperhof","og_description":"Apartements \/ FerienwohnungenApartment Felbertauern Gem\u00fctliche 4-Zimmer-Ferienwohnung im 1. OG f\u00fcr max. 6 Personen mit Aussicht auf Schlo\u00df Mittersill.\u00d6sterreichischer Rundsitz, Geschirrsp\u00fcler, Backofen, Mikrowelle, K\u00fchl-Gefrierkombination, Senseo- und Kaffeemaschine und Fernseher (\u00fcber Google Chrome)Erstes Schlafzimmer mit Doppelbett und Kleiderschrank, zweites Schlafzimmer mit Doppelbett und Kleiderschrank und drittes Schlafzimmer mit Doppelbett und Einzelbett, Kleiderschrank und Waschbecken.Dusche, Doppelwaschbecken und Toilette, [&hellip;]","og_url":"https:\/\/pihapperhof.at\/appartementen\/","og_site_name":"Pihapperhof","article_modified_time":"2024-10-17T13:33:25+00:00","og_image":[{"width":1280,"height":960,"url":"https:\/\/pihapperhof.at\/wp-content\/uploads\/2023\/03\/IMG_2294.jpg","type":"image\/jpeg"}],"twitter_card":"summary_large_image","twitter_misc":{"Gesch\u00e4tzte Lesezeit":"9\u00a0Minuten"},"schema":{"@context":"https:\/\/schema.org","@graph":[{"@type":"WebPage","@id":"https:\/\/pihapperhof.at\/appartementen\/","url":"https:\/\/pihapperhof.at\/appartementen\/","name":"Apartements \/ Ferienwohnungen - Pihapperhof","isPartOf":{"@id":"https:\/\/pihapperhof.at\/#website"},"primaryImageOfPage":{"@id":"https:\/\/pihapperhof.at\/appartementen\/#primaryimage"},"image":{"@id":"https:\/\/pihapperhof.at\/appartementen\/#primaryimage"},"thumbnailUrl":"https:\/\/pihapperhof.at\/wp-content\/uploads\/2023\/03\/IMG_2294.jpg","datePublished":"2023-11-06T11:02:24+00:00","dateModified":"2024-10-17T13:33:25+00:00","breadcrumb":{"@id":"https:\/\/pihapperhof.at\/appartementen\/#breadcrumb"},"inLanguage":"de","potentialAction":[{"@type":"ReadAction","target":["https:\/\/pihapperhof.at\/appartementen\/"]}]},{"@type":"ImageObject","inLanguage":"de","@id":"https:\/\/pihapperhof.at\/appartementen\/#primaryimage","url":"https:\/\/pihapperhof.at\/wp-content\/uploads\/2023\/03\/IMG_2294.jpg","contentUrl":"https:\/\/pihapperhof.at\/wp-content\/uploads\/2023\/03\/IMG_2294.jpg","width":1280,"height":960},{"@type":"BreadcrumbList","@id":"https:\/\/pihapperhof.at\/appartementen\/#breadcrumb","itemListElement":[{"@type":"ListItem","position":1,"name":"Home","item":"https:\/\/pihapperhof.at\/de\/"},{"@type":"ListItem","position":2,"name":"Apartements \/ Ferienwohnungen"}]},{"@type":"WebSite","@id":"https:\/\/pihapperhof.at\/#website","url":"https:\/\/pihapperhof.at\/","name":"Pihapperhof","description":"Natuurlijk genieten","potentialAction":[{"@type":"SearchAction","target":{"@type":"EntryPoint","urlTemplate":"https:\/\/pihapperhof.at\/?s={search_term_string}"},"query-input":{"@type":"PropertyValueSpecification","valueRequired":true,"valueName":"search_term_string"}}],"inLanguage":"de"}]}},"_links":{"self":[{"href":"https:\/\/pihapperhof.at\/de\/wp-json\/wp\/v2\/pages\/18813","targetHints":{"allow":["GET"]}}],"collection":[{"href":"https:\/\/pihapperhof.at\/de\/wp-json\/wp\/v2\/pages"}],"about":[{"href":"https:\/\/pihapperhof.at\/de\/wp-json\/wp\/v2\/types\/page"}],"author":[{"embeddable":true,"href":"https:\/\/pihapperhof.at\/de\/wp-json\/wp\/v2\/users\/6"}],"replies":[{"embeddable":true,"href":"https:\/\/pihapperhof.at\/de\/wp-json\/wp\/v2\/comments?post=18813"}],"version-history":[{"count":25,"href":"https:\/\/pihapperhof.at\/de\/wp-json\/wp\/v2\/pages\/18813\/revisions"}],"predecessor-version":[{"id":19359,"href":"https:\/\/pihapperhof.at\/de\/wp-json\/wp\/v2\/pages\/18813\/revisions\/19359"}],"wp:featuredmedia":[{"embeddable":true,"href":"https:\/\/pihapperhof.at\/de\/wp-json\/wp\/v2\/media\/18773"}],"wp:attachment":[{"href":"https:\/\/pihapperhof.at\/de\/wp-json\/wp\/v2\/media?parent=18813"}],"curies":[{"name":"wp","href":"https:\/\/api.w.org\/{rel}","templated":true}]}}